{"version":"1.0","provider_name":"K\u00f6nyv \u00e9s Toll","provider_url":"https:\/\/konyvestoll.cafeblog.hu","author_name":"K\u00f6nyv \u00e9s toll","author_url":"https:\/\/konyvestoll.cafeblog.hu\/author\/konyv_es_toll\/","title":"Vel\u00fcnk \u00e9l\u0151 m\u00falt 1.","html":"<h3>Nehrer Gy\u00f6rgy:<\/h3>\r\n<p>&nbsp;<\/p>\r\n<p><strong>\"Vel\u00fcnk \u00e9l\u0151 m\u00falt\"<\/strong> Ezt a c\u00edmet adtam annak a sorozatnak amelynek az els\u0151 \u00edr\u00e1s\u00e1t most olvashatj\u00e1k\u00a0 az \u00e9rdekl\u0151d\u0151k. A sorozatban Sz\u00e9kesfeh\u00e9rv\u00e1rr\u00f3l, a k\u00f6rnyez\u0151 telep\u00fcl\u00e9sekr\u0151l,\u00a0 az\u00a0 eltelt 100-150 \u00e9v lassan feled\u00e9sbemer\u00fcl\u0151 helysz\u00edneir\u0151l, \u00e9rdekes emberekr\u0151l, esem\u00e9nyekr\u0151l kaphatunk b\u0151vebb inform\u00e1ci\u00f3t. Nem titkolva azt a sz\u00e1nd\u00e9kot, hogy a k\u00f6rnyezet\u00fcnk m\u00faltj\u00e1nak megismer\u00e9s\u00e9vel tal\u00e1n szerethet\u0151bb\u00e9 v\u00e1lik m\u00e1sok sz\u00e1m\u00e1ra is a t\u00f6rt\u00e9nelem. Az \u00edr\u00e1sok n\u00e9h\u00e1ny esetben az eredeti\u00a0 kutat\u00e1si dokumentumok felhaszn\u00e1l\u00e1s\u00e1val, r\u00e9szben saj\u00e1t \u00f6sszek\u00f6t\u0151 sz\u00f6veggel kieg\u00e9sz\u00edtve ker\u00fclnek megjelen\u00e9sre amennyiben azt ig\u00e9nyli az adott t\u00e9ma. Az\u00a0 els\u0151 bejegyz\u00e9s most v\u00e1ltozatlan form\u00e1ban, nyelvezetben ker\u00fcl az olvas\u00f3k el\u00e9, \u00e9s nem a dokumentum teljes beilleszt\u00e9s\u00e9vel, mert az akkori t\u00f6rdel\u00e9si technik\u00e1k teljesen m\u00e1sok voltak mint manaps\u00e1g. Az \u00edr\u00e1s szerz\u0151je ismeretlen!<\/p>\r\n<p><img class=\"wp-image-1236 aligncenter\" src=\"https:\/\/konyvestoll.cafeblog.hu\/files\/2020\/07\/SzekesfehervarEsVideke_1885-1592017469__pages141-1421-m\u00e1solata1-300x80.jpg\" alt=\"\" width=\"641\" height=\"171\" \/> \u00a0\u00a0<\/p>\r\n<h3>\u00a0\u00a0A BODAJKI GY\u00d3GYF\u00dcRD\u0150 R\u00d6VID ISMERTET\u00c9SE.<\/h3>\r\n<p>Term\u00e9szeti v\u00e1ltozatoss\u00e1gokban leggazdagabb vid\u00e9ke haz\u00e1nknak a Dun\u00e1nt\u00fal: igaz, hogy az utols\u00f3 tizedek alatt a birtokviszonyok v\u00e1ltoz\u00e1sa folyt\u00e1n, sokat szel\u00edd\u00fclt a k\u00e9p, vesz\u00edtett reg\u00e9nyes sz\u00ednezet\u00e9b\u0151l, a k\u00f6zleked\u00e9si eszk\u00f6z\u00f6k gyorsul\u00e1s\u00e1val pedig a kisebb gy\u00f3gyf\u00fcrd\u0151k k\u00f6z\u00f6ns\u00e9g\u00e9t mag\u00e1hoz vonzotta, a T\u00e1tra vid\u00e9ke; de e helyek, hab\u00e1r nem hatnak is ma m\u00e1r az \u00fajs\u00e1g, vagy divat inger\u00e9vel, helyi \u00e9rdek\u00fck kellem\u00e9t, s gy\u00f3gyhat\u00e1s\u00fak \u00e9rt\u00e9k\u00e9t elvesz\u00edteni nem fogj\u00e1k soha.<\/p>\r\n<p>A Dun\u00e1nt\u00fal egy kies p\u00e1ntj\u00e1t foglalja el a r\u00e9gi eml\u00e9k\u0171 bodajki f\u00fcrd\u0151. \u2014 A mi a m\u00falt sz\u00e1zadokban Trencs\u00e9n-Teplicz, az volt e sz\u00e1zad els\u0151 fel\u00e9ben Bodajk, Feh\u00e9r-, Veszpr\u00e9m-, Kom\u00e1rom- s Gy\u0151rmegy\u00e9k intelligenti\u00e1j\u00e1nak. A f\u00fcrd\u0151 r\u00e9gebbi vend\u00e9gk\u00f6nyvei telv\u00e9k e megy\u00e9k notabilit\u00e1sainak neveivel, s nem egy \u0151sz nevezetess\u00e9g mond el mai nap a megyei \u00e9letre, vagy az orsz\u00e1gos p\u00e1rtalakul\u00e1sok \u00e9s viszonyokra vonatkoz\u00f3 nevezetes esem\u00e9nyeket, melyek e helyen terveztettek s besz\u00e9ltettek meg, mai nap m\u00e1r csak a k\u00f6zelm\u00faltnak sz\u00e9p k\u00e9pei, \u00e9rdekes eml\u00e9kei.<\/p>\r\n<p>Bodajk 2000 lakossal bir\u00f3 k\u00f6zs\u00e9ge Feh\u00e9rmegy\u00e9nek, fekszik a Bakony \u00e9s V\u00e9rtes \u00f6sszehajl\u00e1s\u00e1n\u00e1l, ott, hol a kis alf\u00f6ldre vezet\u0151 fensik kezd\u0151dik, a d\u00e9li vas\u00fat feh\u00e9rv\u00e1r-sz\u0151nyi vonal\u00e1n 2 m\u00e9rtf\u00f6ldre Sz\u00e9kesfeh\u00e9rv\u00e1rt\u00f3l. A k\u00f6zs\u00e9gt\u0151l f\u00e9lm\u00e9rtf\u00f6ldnyi t\u00e1vols\u00e1gban kelet s \u00e9szakkeletre a V\u00e9rtes t\u00f6m\u00f6r hegyl\u00e1ncza h\u00faz\u00f3dik, mig a t\u00f6bbi oldalr\u00f3l f\u00e9lk\u00f6rben \u00f6vedzi a Bakony hegys\u00e9ge. Ezen el\u0151ny\u00f6s fekv\u00e9s\u00e9nek tulajdonithat\u00f3, hogy l\u00e9gm\u00e9rs\u00e9klete sem oly hirtelen nem v\u00e1ltozik, mint a felvid\u00e9ken, sem nem oly tikkaszt\u00f3 mint az a melegs\u00e9g be\u00e1llt\u00e1val haz\u00e1nkban \u00e1ltal\u00e1nos. \u2014 Bodajk, \u00e1lland\u00f3an \u00fcde leveg\u0151j\u00e9n k\u00edv\u00fcl, kellemes ny\u00e1ri tart\u00f3zkod\u00e1si hely is meglep\u0151en v\u00e1ltozatos vid\u00e9ke miatt, mert mig a V\u00e9rtesnek eg\u00e9sz sz\u00e9less\u00e9g\u00e9ben hirtelen felmagasl\u00f3 erd\u0151s oldala, a kiszegel\u0151 Cs\u00f3kak\u0151 v\u00e1r\u00e1val, a f\u00fcrd\u0151 b\u00e1rmely pontj\u00e1r\u00f3l kellemes pihen\u0151 helye a szemnek: addig a m\u00e1sik oldalr\u00f3l, a Bakony erd\u0151s\u00e9g t\u00f6bb k\u00fcl\u00f6n-k\u00fcl\u00f6n csoportot k\u00e9pez\u0151 ormai, kisebb- nagyobb kir\u00e1ndul\u00e1sokra hivogat\u00f3lag intenek. Alig negyed\u00f3r\u00e1i s\u00e9t\u00e1val m\u00e1r a Bakony erd\u0151s\u00e9g\u00e9t \u00e9rj\u00fck el, melynek leg\u00e9rdekesebb r\u00e9sze a m\u00e9rtf\u00f6ldekre elh\u00faz\u00f3d\u00f3<\/p>\r\n<p>Galya patak v\u00f6lgye, e v\u00f6lgy Bodajk hat\u00e1r\u00e1ban magas szikl\u00e1k k\u00f6z\u00e9 szorul \u00f6ssze, s v\u00e1ltozatoss\u00e1ga s eredeti term\u00e9szetess\u00e9ge miatt, a Szepess\u00e9g egy-egy sz\u00e9p pontj\u00e1ra eml\u00e9keztet, tov\u00e1bb kisz\u00e9lesedik a v\u00f6lgy s \u00e1ttekint\u00e9st enged a Bakony t\u00e1vol kereszt v\u00f6lgyeire.<\/p>\r\n<p>Bodajk k\u00f6zs\u00e9g t\u00f6rt\u00e9net\u00e9re s a f\u00fcrd\u0151 keletkez\u00e9s\u00e9re vonatkoz\u00f3lag kev\u00e9s megb\u00edzhat\u00f3 adatot tal\u00e1lunk. E vid\u00e9k a 17-ik sz\u00e1zadban N\u00e1dasdy Tam\u00e1s birtoka volt, mid\u0151n pedig e szerenecs\u00e9tlen v\u00e9get \u00e9rt f\u0151ur birtokai elkoboztattak, Bodajk, Mo\u00f3r \u00e9s k\u00f6rny\u00e9ke gr. Hochburg \u00e1ltal v\u00e1s\u00e1roltatott meg, kit\u0151l n\u0151\u00e1gon a Zichyek \u00e9s Bethlenek \u00f6r\u00f6k\u00f6ltek, v\u00e9gre emez \u00f6r\u00f6ks\u00e9gekb\u0151l a bodajki uradalom neve alatt szerepl\u0151 birtokr\u00e9szeket megv\u00e1s\u00e1rolta, s\u0151t r\u00e9szben \u00f6r\u00f6k\u00f6lte br. Miske Imre, kinek csal\u00e1dja b\u00edrja azt ma is. A k\u00f6zs\u00e9g nev\u00e9t vagy a n\u00e9met Badteich, vagy a szl\u00e1v vudek sz\u00f3t\u00f3l kapta, forr\u00e1sokban gazdag vid\u00e9ke miatt; k\u00e9ts\u00e9gtelen, hogy m\u00falt sz\u00e1zadbeli n\u00e9met \u00e9s szl\u00e1v telep\u00edt\u00e9s, melyet igazol a mai naps\u00e1g m\u00e1r magyar ajk\u00fa lakoss\u00e1gnak idegen hangz\u00e1s\u00fa neve is. Bodajk, mint hitk\u00f6zs\u00e9g kezdetben fi\u00f3k egyh\u00e1za volt a mo\u00f3ri kapuczinus rendnek, kik alatt lett a Dun\u00e1nt\u00fal egyik l\u00e1togatottabb bucsuhely\u00e9v\u00e9 is; a t\u00f3, mely egy m\u00e9lyed\u00e9sben k\u00f6zel a z\u00e1rda, most pl\u00e9b\u00e1niah\u00e1zhoz van, ez id\u0151ben m\u00e1r f\u00fcrd\u00e9si hely\u00fcl haszn\u00e1ltatott, a m\u00falt sz\u00e1zad v\u00e9g\u00e9vel pedig m\u00e1r rendes f\u00fcrd\u0151helyly\u00e9 n\u0151tte ki mag\u00e1t.<\/p>\r\n<p>A Bethlen csal\u00e1d a t\u00f3 szomsz\u00e9ds\u00e1g\u00e1ban f\u00fcrd\u0151h\u00e1zat \u00e9p\u00edttetett, s hogy r\u00f6vid id\u0151n mily l\u00e1togat\u00e1snak \u00f6rvendhetett e f\u00fcrd\u0151, bizony\u00edtja ama k\u00f6r\u00fclm\u00e9ny, hogy a k\u00f6zs\u00e9g lakoss\u00e1ga felette gyorsan n\u00f6vekedett s vagyonosodott, s hogy a harminczas \u00e9vekben Balassa, haz\u00e1nk legh\u00edresebb m\u0171t\u0151je, a teljes felszerel\u00e9s \u00e9s ki\u00e9p\u00edt\u00e9s k\u00f6telezetts\u00e9ge alatt h\u00fasz \u00e9vre sz\u00e1nd\u00e9kozott a f\u00fcrd\u0151t b\u00e9rbe venni. K\u00e1r, a f\u00fcrd\u0151 j\u00f6v\u0151je \u00e9rdek\u00e9ben, ezen egyezs\u00e9g nem siker\u00fclt; az \u00f6tvenes \u00e9s hatvanas \u00e9vekben Szekr\u00e9nyesy a cs\u00e1sz\u00e1rf\u00fcrd\u0151 b\u00e9rl\u0151je b\u00edrta e f\u00fcrd\u0151t id\u0151k\u00f6zben k\u00e9tszer is, r\u00f6videbb ideig; s tagadhatatlan, hogy ez id\u0151 alatt a f\u00fcrd\u0151 k\u00e9nyelem \u00e9s berendez\u00e9s tekintet\u00e9ben sokat haladt. Ez id\u0151ben t\u00f6rt\u00e9nt a t\u00f3 k\u00f6r\u00fclfalaztat\u00e1sa, melegf\u00fcrd\u0151 l\u00e9tes\u00edt\u00e9se, t\u00f6bb lak\u00f3h\u00e1z \u00e9p\u00edt\u00e9se stb. 1868. \u00f3ta pedig br. Miske csal\u00e1d \u00e1ltal kezeltetik. A f\u00fcrd\u0151 jelenleg \u00e1ll a t\u00f3f\u00fcrd\u0151b\u0151l, melyet z\u00e1rt \u00e9s nyitott kabinok vesznek k\u00f6r\u00fcl; a t\u00f3 talaja m\u00e9szk\u0151, vize \u00e1tl\u00e1tsz\u00f3 z\u00f6ldes, s m\u00e9lys\u00e9ge k\u00e9t-n\u00e9gy m\u00e9ter k\u00f6zt v\u00e1ltakozik, de gondoskodva van f\u00fcrd\u00e9si helyr\u0151l nem \u00fasz\u00f3k sz\u00e1m\u00e1ra is, \u2014 a forr\u00e1sok, melyeknek felbugyog\u00e1sa a szirtes talajb\u00f3l \u2014 l\u00e1that\u00f3.<\/p>\r\n<p>A melegf\u00fcrd\u0151, mely viz\u00e9t a f\u0151forr\u00e1sb\u00f3l nyeri, \u00e1ll sz\u00e1mos k\u00e1d \u00e9s k\u0151f\u00fcrd\u0151b\u0151l. A kertt\u00e9 alak\u00edtott t\u00f3 k\u00f6rny\u00e9k\u00e9n pedig vannak a lak\u00f3h\u00e1zak: az emeletes \u00e9s f\u00f6ldszinti b\u00e9rh\u00e1z, a fecskelak, honnan a legszebb kil\u00e1t\u00e1s ny\u00edlik, t\u00e1volabb a Tekla-lak s sz\u00e1mos mag\u00e1n \u00e9p\u00fclet, a f\u00fcrd\u0151 \u00e9vadra kiadand\u00f3 lak\u00e1sokkal. A lak\u00e1sokhoz m\u00e9g a f\u00fcrd\u0151 b\u00e9rh\u00e1z\u00e1ban is, konyha csatolhat\u00f3, de \u00e1ltal\u00e1nosan, \u00e9tkez\u0151 hely\u00fcl a k\u00f6zs\u00e9g kifog\u00e1stalan vend\u00e9gl\u0151je haszn\u00e1ltatik.<\/p>\r\n<p>A lak\u00e1sok felette olcs\u00f3k, egy szoba \u00e1ra naponk\u00e9nt a lak\u00e1s min\u0151s\u00e9g\u00e9t tekintve 60 kr. \u00e9s 1 frt 20 kr k\u00f6zt v\u00e1ltakozik; \u2014 a jelenlegi f\u00fcrd\u0151\u00e1rak pedig: t\u00f3f\u00fcrd\u0151 20 kr, k\u0151f\u00fcrd\u0151 25 kr, II. rend\u0171 k\u00e1df\u00fcrd\u0151 30 kr, I. rend\u0171 k\u00e1df\u00fcrd\u0151 40 kr, de eme felette olcs\u00f3 \u00e1rak is b\u00e9rletjegyekn\u00e9l, m\u00e9g jut\u00e1nyosabban sz\u00e1m\u00edttatnak.<\/p>\r\n<p>Tekintv\u00e9n e felsorolt adatokat, Bodajk kellemes fekv\u00e9se, s sz\u00e1mos el\u0151nyei mellett, k\u00e9ts\u00e9gtelen, hogy legolcs\u00f3bb f\u00fcrd\u0151helye is haz\u00e1nknak.<\/p>\r\n<p>A mi a viz gy\u00f3gyhat\u00e1s\u00e1t illeti, Bodajk fel\u00fclm\u00falja az \u00f6sszes magnesium tartalm\u00fa f\u00fcrd\u0151ket. Kiv\u00e1l\u00f3 sikerrel haszn\u00e1lhat\u00f3 idegbajokban, csontt\u00f6r\u00e9sek \u00e9s s\u00e9r\u00fcl\u00e9sek ut\u00e1n visszamaradt b\u00e1ntalmakban, m\u00e1j s aranyeres f\u00e1jdalmakban, cs\u00faz \u00e9s tagmerev\u00fcl\u00e9sekben; de fel\u00fclmulhatlan n\u0151i bajokban, gyenges\u00e9g, s neh\u00e9z sz\u00fcl\u00e9s k\u00f6vetkezm\u00e9nyeiben: nemk\u00fcl\u00f6nben, mint ut\u00f3k\u00fara a nemi szervek bajaiban.<\/p>\r\n<p>Melyek igazol\u00e1s\u00e1ul szolg\u00e1ljon r\u00e9szben k\u00f6zz\u00e9tett vegyelemz\u00e9se a t\u00f3 gy\u00f3gyviz\u00e9nek, r\u00e9szben bizony\u00edtv\u00e1nyai azon m\u00e1ig is \u00e9l\u0151 tanuknak, kik kiz\u00e1r\u00f3lagosan e f\u00fcrd\u0151 haszn\u00e1lat\u00e1nak k\u00f6sz\u00f6nik visszanyert eg\u00e9szs\u00e9g\u00fcket, s ezzel m\u00e1r el\u00e9rt magas korukat.<\/p>\r\n<p>Micsoda \u00e9let zajlott itt\u00a0 1885 -ben!?\u00a0 J\u00f3l szeml\u00e9lteti ez a kis hirdet\u00e9s is. Tal\u00e1n \u00e9rdemes lenne\u00a0 ism\u00e9t feleleven\u00edteni, \u00e9s ak\u00e1r f\u00fcrd\u0151v\u00e1ross\u00e1 tenni Bodajkot.\u00a0\u00a0<\/p>\r\n<p><img class=\" wp-image-1237 aligncenter\" src=\"https:\/\/konyvestoll.cafeblog.hu\/files\/2020\/07\/SzekesfehervarEsVideke_1889-1-1592017856__pages200-200-m\u00e1solata-300x180.jpg\" alt=\"\" width=\"637\" height=\"382\" \/><\/p>\r\n<p>&nbsp;<\/p>\r\n<p><img class=\"wp-image-1253 aligncenter\" src=\"https:\/\/konyvestoll.cafeblog.hu\/files\/2020\/07\/VasarnapiUjsag_1862__pages195-195-m\u00e1solata-300x231.jpg\" alt=\"\" width=\"550\" height=\"424\" \/>\u00a0 \u00a0 \u00a0 \u00a0 \u00a0 \u00a0 \u00a0 \u00a0 \u00a0 \u00a0 \u00a0 \u00a0 \u00a0 \u00a0 \u00a0 \u00a0 \u00a0 \u00a0 Bodajk f\u00fcrd\u0151 (Vas\u00e1rnapi \u00dajs\u00e1g 1862)<\/p>\r\n<p>N\u00e9h\u00e1ny jelenkori fot\u00f3 azoknak, akik esetleg nem ismerik ezt a gy\u00f6ny\u00f6r\u0171 t\u00e1jat:\u00a0<\/p>\r\n<p><img class=\" wp-image-1238 aligncenter\" src=\"https:\/\/konyvestoll.cafeblog.hu\/files\/2020\/07\/DSC_7474-300x296.jpg\" alt=\"\" width=\"521\" height=\"513\" \/><\/p>\r\n<p>&nbsp;<\/p>\r\n<p>\u00a0<img class=\"wp-image-1241 aligncenter\" src=\"https:\/\/konyvestoll.cafeblog.hu\/files\/2020\/07\/DSC_7490-300x123.jpg\" alt=\"\" width=\"511\" height=\"210\" \/><\/p>\r\n<p><img class=\"wp-image-1239 aligncenter\" src=\"https:\/\/konyvestoll.cafeblog.hu\/files\/2020\/07\/DSC_7475-265x300.jpg\" alt=\"\" width=\"491\" height=\"555\" \/><\/p>\r\n<p>&nbsp;<\/p>","type":"rich"}