{"version":"1.0","provider_name":"K\u00f6nyv \u00e9s Toll","provider_url":"https:\/\/konyvestoll.cafeblog.hu","author_name":"K\u00f6nyv \u00e9s toll","author_url":"https:\/\/konyvestoll.cafeblog.hu\/author\/konyv_es_toll\/","title":"Telihold","html":"<p>&nbsp;<\/p>\r\n<h3>Horv\u00e1th Irma: Telihold<\/h3>\r\n<p>&nbsp;<\/p>\r\n<p><br \/><br \/>F\u00e9nyesen vil\u00e1glik a hold az \u00e9gen, <br \/>nem kell ma m\u00e9cs, hogy l\u00e1ssam <br \/>a f\u00e1kat aludni az \u00e9jben. <br \/>Annyira csendes az \u00e9jjeli erd\u0151,<br \/>hallom, amint az \u0151zpata dobban,<br \/>\u00e9s koppan a szirten a k\u0151.<br \/>Gy\u00edk szuszog, k\u00f6nny\u0171 az \u00e1lma,<br \/>h\u0171v\u00f6s a hely, melyen pihent;<br \/>j\u00f3 nekem is, b\u00e9ke van odakint, <br \/>s \u00e9pp \u00fagy idebent.<br \/>J\u00e1tszik a csend most, hallgatom, <br \/>s n\u00e9zem a hold teli \u00fatj\u00e1t az ablakon.<br \/><br \/>Hallom, amint vagy a <br \/>sz\u00edvdobban\u00e1sban m\u00e9lyen,<br \/>nem is kereslek most <br \/>m\u00e1shol ez \u00e9jen.<br \/>Oly l\u00e1gyan foglalod el <br \/>a mindens\u00e9get, <br \/>nem is tudom, te \u00f6lelsz most, <br \/>vagy \u00e9n t\u00e9ged. <br \/><br \/><\/p>\r\n<p>&nbsp;<\/p>\r\n<ol start=\"2019\">\r\n<li>\u00e1prilis 20.<\/li>\r\n<\/ol>\r\n<table>\r\n<tbody>\r\n<tr>\r\n<td>\u00a0<\/td>\r\n<td>\u00a0<\/td>\r\n<\/tr>\r\n<\/tbody>\r\n<\/table>\r\n<p>&nbsp;<\/p>","type":"rich"}